{"id":138,"date":"2024-10-08T13:18:55","date_gmt":"2024-10-08T11:18:55","guid":{"rendered":"https:\/\/die-luftgekuehlten-aus-hardert.de\/kaefer\/?page_id=138"},"modified":"2025-05-19T09:51:49","modified_gmt":"2025-05-19T07:51:49","slug":"fahrzeuge-der-mitglieder","status":"publish","type":"page","link":"https:\/\/die-luftgekuehlten-aus-hardert.de\/kaefer\/fahrzeuge-der-mitglieder\/","title":{"rendered":"Mitglieder, Fahrzeuge"},"content":{"rendered":"\n<p><strong>(C) f\u00fcr ALLE Bilder im Bereich Mitglieder<\/strong><\/p>\n\n\n\n<p>Die Rechte an den Bildern, die im Bereich Mitglieder abgelegt sind, sind an den Verein &#8222;Die Luftgek\u00fchlten aus Hardert e.V.&#8220; \u00fcbertragen, ihm obliegt alleine die Verwertung. Eine gewerbliche Verwertung ist grunds\u00e4tzlich ausgeschlossen. F\u00fcr private Zwecke d\u00fcrfen die Bilder heruntergeladen werden, eine anderweitige Ver\u00f6ffentlichung ist nicht gestattet.<\/p>\n\n\n\n<p>Ladet euch <a href=\"..\/wp-content\/uploads\/2024\/11\/steckbrief_vorlage.doc\" data-type=\"attachment\" data-id=\"309\"><strong>hier einen Mustersteckbrief<\/strong><\/a> herunter, f\u00fcllt ihn aus und sendet ihn zusammen mit 2-3 Bildern von euch und eurem Fahrzeug an den <a href=\"mailto:horn@koblenz-net.de\"><strong>Webmaster<\/strong><\/a>.<\/p>\n\n\n\n<ul class=\"wp-block-list\">\n<li><a href=\"https:\/\/die-luftgekuehlten-aus-hardert.de\/kaefer\/dirk-veit\/\" data-type=\"page\" data-id=\"140\">Dirk Veit, 1302 S Limousine<\/a><\/li>\n\n\n\n<li><a href=\"https:\/\/die-luftgekuehlten-aus-hardert.de\/kaefer\/445-2\/\" data-type=\"page\" data-id=\"445\">Klaus Lemgen, Typ 11 1200<\/a><\/li>\n\n\n\n<li><a href=\"https:\/\/die-luftgekuehlten-aus-hardert.de\/kaefer\/andreas-konz-typ-11\/\" data-type=\"page\" data-id=\"364\">Andreas Konz, Typ 11 1100<\/a><\/li>\n\n\n\n<li><a href=\"https:\/\/die-luftgekuehlten-aus-hardert.de\/kaefer\/jutta-rolf-reisdorf\/\" data-type=\"page\" data-id=\"345\">Jutta &amp; Rolf Reisdorf, Typ 1 1200<\/a><\/li>\n\n\n\n<li><a href=\"https:\/\/die-luftgekuehlten-aus-hardert.de\/kaefer\/claudia-und-juergen-jodeit-kermit-campingbus\/\" data-type=\"page\" data-id=\"438\">Claudia &amp; J\u00fcrgen Jodeit, T2b Campingbus &#8222;Kermit&#8220;<\/a><\/li>\n\n\n\n<li><a href=\"https:\/\/die-luftgekuehlten-aus-hardert.de\/kaefer\/georg-horn-1303-cabriolet\/\" data-type=\"page\" data-id=\"311\">Georg Horn, 1303 Cabrio<\/a><\/li>\n<\/ul>\n\n\n\n<p><\/p>\n","protected":false},"excerpt":{"rendered":"<p>(C) f\u00fcr ALLE Bilder im Bereich Mitglieder Die Rechte an den Bildern, die im Bereich Mitglieder abgelegt sind, sind an den Verein &#8222;Die Luftgek\u00fchlten aus Hardert e.V.&#8220; \u00fcbertragen, ihm obliegt alleine die Verwertung. Eine gewerbliche Verwertung ist grunds\u00e4tzlich ausgeschlossen. F\u00fcr private Zwecke d\u00fcrfen die Bilder heruntergeladen werden, eine anderweitige Ver\u00f6ffentlichung ist nicht gestattet. Ladet euch [&hellip;]<\/p>\n","protected":false},"author":1,"featured_media":0,"parent":0,"menu_order":0,"comment_status":"closed","ping_status":"closed","template":"","meta":{"footnotes":""},"class_list":["post-138","page","type-page","status-publish","hentry"],"_links":{"self":[{"href":"https:\/\/die-luftgekuehlten-aus-hardert.de\/kaefer\/wp-json\/wp\/v2\/pages\/138","targetHints":{"allow":["GET"]}}],"collection":[{"href":"https:\/\/die-luftgekuehlten-aus-hardert.de\/kaefer\/wp-json\/wp\/v2\/pages"}],"about":[{"href":"https:\/\/die-luftgekuehlten-aus-hardert.de\/kaefer\/wp-json\/wp\/v2\/types\/page"}],"author":[{"embeddable":true,"href":"https:\/\/die-luftgekuehlten-aus-hardert.de\/kaefer\/wp-json\/wp\/v2\/users\/1"}],"replies":[{"embeddable":true,"href":"https:\/\/die-luftgekuehlten-aus-hardert.de\/kaefer\/wp-json\/wp\/v2\/comments?post=138"}],"version-history":[{"count":10,"href":"https:\/\/die-luftgekuehlten-aus-hardert.de\/kaefer\/wp-json\/wp\/v2\/pages\/138\/revisions"}],"predecessor-version":[{"id":453,"href":"https:\/\/die-luftgekuehlten-aus-hardert.de\/kaefer\/wp-json\/wp\/v2\/pages\/138\/revisions\/453"}],"wp:attachment":[{"href":"https:\/\/die-luftgekuehlten-aus-hardert.de\/kaefer\/wp-json\/wp\/v2\/media?parent=138"}],"curies":[{"name":"wp","href":"https:\/\/api.w.org\/{rel}","templated":true}]}}